{"id":7183,"date":"2020-10-08T17:12:54","date_gmt":"2020-10-08T15:12:54","guid":{"rendered":"https:\/\/mussner.info\/?page_id=7183"},"modified":"2020-10-08T17:23:41","modified_gmt":"2020-10-08T15:23:41","slug":"maria-di-nazareth","status":"publish","type":"page","link":"https:\/\/mussner.info\/it\/maria-di-nazareth\/","title":{"rendered":"Maria di Nazareth"},"content":{"rendered":"\t\t<div data-elementor-type=\"wp-post\" data-elementor-id=\"7183\" class=\"elementor elementor-7183 elementor-7182\" data-elementor-post-type=\"page\">\n\t\t\t\t\t\t<section class=\"elementor-section elementor-top-section elementor-element elementor-element-0c1ef72 elementor-section-full_width elementor-section-height-default elementor-section-height-default\" data-id=\"0c1ef72\" data-element_type=\"section\">\n\t\t\t\t\t\t<div class=\"elementor-container elementor-column-gap-default\">\n\t\t\t\t\t<div class=\"elementor-column elementor-col-100 elementor-top-column elementor-element elementor-element-2a78578\" data-id=\"2a78578\" data-element_type=\"column\">\n\t\t\t<div class=\"elementor-widget-wrap elementor-element-populated\">\n\t\t\t\t\t\t<div class=\"elementor-element elementor-element-bb90773 elementor-widget elementor-widget-ova_heading_page\" data-id=\"bb90773\" data-element_type=\"widget\" data-widget_type=\"ova_heading_page.default\">\n\t\t\t\t<div class=\"elementor-widget-container\">\n\t\t\t\t\t\n\t\t<section class=\"heading-page\" style=\"background-image: url(https:\/\/mussner.info\/wp-content\/uploads\/2020\/10\/maria-von-nazareth-st-ulrich.jpg)\" >\n\t\t\t<div class=\"container\">\n\t\t\t\t<div class=\"cta-content\">\n\t\t\t\t\t\t\t\t\t\t\t<h2 class=\"second_font\">Statua MARIA DI NAZARETH<\/h2>\n\t\t\t\t\t\t\t\t\t\t\n\t\t\t\t<\/div>\n\t\t\t<\/div>\n\t\t<\/section>\n\n\t\t\t\t\t<\/div>\n\t\t\t\t<\/div>\n\t\t\t\t\t<\/div>\n\t\t<\/div>\n\t\t\t\t\t<\/div>\n\t\t<\/section>\n\t\t\t\t<section class=\"elementor-section elementor-top-section elementor-element elementor-element-f1a3cab elementor-section-boxed elementor-section-height-default elementor-section-height-default\" data-id=\"f1a3cab\" data-element_type=\"section\" id=\"hours_admin\">\n\t\t\t\t\t\t<div class=\"elementor-container elementor-column-gap-default\">\n\t\t\t\t\t<div class=\"elementor-column elementor-col-100 elementor-top-column elementor-element elementor-element-05f8c10\" data-id=\"05f8c10\" data-element_type=\"column\">\n\t\t\t<div class=\"elementor-widget-wrap elementor-element-populated\">\n\t\t\t\t\t\t<section class=\"elementor-section elementor-inner-section elementor-element elementor-element-f18b11e elementor-section-boxed elementor-section-height-default elementor-section-height-default\" data-id=\"f18b11e\" data-element_type=\"section\">\n\t\t\t\t\t\t<div class=\"elementor-container elementor-column-gap-default\">\n\t\t\t\t\t<div class=\"elementor-column elementor-col-50 elementor-inner-column elementor-element elementor-element-81d16ce\" data-id=\"81d16ce\" data-element_type=\"column\">\n\t\t\t<div class=\"elementor-widget-wrap elementor-element-populated\">\n\t\t\t\t\t\t<div class=\"elementor-element elementor-element-1b8439e elementor-widget elementor-widget-image\" data-id=\"1b8439e\" data-element_type=\"widget\" data-widget_type=\"image.default\">\n\t\t\t\t<div class=\"elementor-widget-container\">\n\t\t\t\t\t\t\t\t\t\t\t\t\t\t\t<img decoding=\"async\" src=\"https:\/\/mussner.info\/wp-content\/uploads\/elementor\/thumbs\/maria-von-nazareth-mussner-owmaird530zqce4ifmgvb0u85os5nlu0o02rftrcru.jpg\" title=\"maria-von-nazareth-mussner\" alt=\"maria-von-nazareth-mussner\" loading=\"lazy\" \/>\t\t\t\t\t\t\t\t\t\t\t\t\t\t\t<\/div>\n\t\t\t\t<\/div>\n\t\t\t\t\t<\/div>\n\t\t<\/div>\n\t\t\t\t<div class=\"elementor-column elementor-col-50 elementor-inner-column elementor-element elementor-element-81f116f\" data-id=\"81f116f\" data-element_type=\"column\">\n\t\t\t<div class=\"elementor-widget-wrap elementor-element-populated\">\n\t\t\t\t\t\t<div class=\"elementor-element elementor-element-6e4d45b elementor-widget elementor-widget-heading\" data-id=\"6e4d45b\" data-element_type=\"widget\" data-widget_type=\"heading.default\">\n\t\t\t\t<div class=\"elementor-widget-container\">\n\t\t\t\t\t<h2 class=\"elementor-heading-title elementor-size-default\">Maria di Nazareth<\/h2>\t\t\t\t<\/div>\n\t\t\t\t<\/div>\n\t\t\t\t<div class=\"elementor-element elementor-element-3edfbb2 elementor-widget elementor-widget-text-editor\" data-id=\"3edfbb2\" data-element_type=\"widget\" data-widget_type=\"text-editor.default\">\n\t\t\t\t<div class=\"elementor-widget-container\">\n\t\t\t\t\t\t\t\t\t<ul><li>altezza della scultura: cm 165<\/li><li>peso ca. 65 kg<\/li><li>materiale: legno di tiglio<\/li><li>colorazione: colori ad olio<\/li><li>stellario: cesellato in argento con stelle formate da circogne e brillanti;<\/li><li>statua eseguita nell&#8217;anno 1998 per il \u0084PEREGRINATIO MARIAE MONDIALE in preparazione dell&#8217;Anno Santo 2000\u0093;<\/li><\/ul><p>\u0093<\/p><p>Maria di Nazareth, titolare della basilica dell&#8217;annunciazione di Nazareth, \u00e8 una deliziosa immagine della vergine, opera dello scultore Gregor Mussner.<br \/>la Vergine \u00e8 ritratta in attesa, mentre scende in fretta i gradini per portarsi in aiuto della cugina Elisabetta (Luca 1,39). il suo vestito indica tutta la sua regalit\u00e0. Regina del mare: nel colore verde smeraldo della veste. Regina della terra: nel colore marroncino della sua mantellina intorno alla vita. Regina del cielo: nel colore bianco azzurro del mantello e del velo. Sul capo un diadema in cui brillano, intrecciate tra i capelli, dodici stelle. Le mani: la sinistra rivolta verso il suo seno, per indicare che Ges\u00f9 \u00e8 in lei: e lei ci dona Ges\u00f9. La destra la offre, per dire: \u00abcammina insieme con me\u00bb.\u0094<\/p>\t\t\t\t\t\t\t\t<\/div>\n\t\t\t\t<\/div>\n\t\t\t\t\t<\/div>\n\t\t<\/div>\n\t\t\t\t\t<\/div>\n\t\t<\/section>\n\t\t\t\t\t<\/div>\n\t\t<\/div>\n\t\t\t\t\t<\/div>\n\t\t<\/section>\n\t\t\t\t<section class=\"elementor-section elementor-top-section elementor-element elementor-element-ef0fbfa elementor-section-boxed elementor-section-height-default elementor-section-height-default\" data-id=\"ef0fbfa\" data-element_type=\"section\" id=\"other_facilities\">\n\t\t\t\t\t\t<div class=\"elementor-container elementor-column-gap-default\">\n\t\t\t\t\t<div class=\"elementor-column elementor-col-100 elementor-top-column elementor-element elementor-element-b74df32\" data-id=\"b74df32\" data-element_type=\"column\">\n\t\t\t<div class=\"elementor-widget-wrap elementor-element-populated\">\n\t\t\t\t\t\t<section class=\"elementor-section elementor-inner-section elementor-element elementor-element-2785b33 elementor-section-boxed elementor-section-height-default elementor-section-height-default\" data-id=\"2785b33\" data-element_type=\"section\">\n\t\t\t\t\t\t<div class=\"elementor-container elementor-column-gap-default\">\n\t\t\t\t\t<div class=\"elementor-column elementor-col-50 elementor-inner-column elementor-element elementor-element-31ad363\" data-id=\"31ad363\" data-element_type=\"column\">\n\t\t\t<div class=\"elementor-widget-wrap elementor-element-populated\">\n\t\t\t\t\t\t<div class=\"elementor-element elementor-element-1bb0eed elementor-widget elementor-widget-text-editor\" data-id=\"1bb0eed\" data-element_type=\"widget\" data-widget_type=\"text-editor.default\">\n\t\t\t\t<div class=\"elementor-widget-container\">\n\t\t\t\t\t\t\t\t\t<p>La statua, scolpita in occasione del giubileo del 2000 per consacrare il mondo a Maria, fu incoronata dal beato Giovanni Paolo II. ed ha visitato 35 nazioni e numerose comunit\u00e0 parrocchiali in Italia.<br \/>Continua tuttora a visitare varie citt\u00e0 invitando i fedeli ad una maggiore devozione alla Madre di Dio.<\/p>\t\t\t\t\t\t\t\t<\/div>\n\t\t\t\t<\/div>\n\t\t\t\t<div class=\"elementor-element elementor-element-4e70ccd elementor-widget elementor-widget-heading\" data-id=\"4e70ccd\" data-element_type=\"widget\" data-widget_type=\"heading.default\">\n\t\t\t\t<div class=\"elementor-widget-container\">\n\t\t\t\t\t<h2 class=\"elementor-heading-title elementor-size-default\">Storia<\/h2>\t\t\t\t<\/div>\n\t\t\t\t<\/div>\n\t\t\t\t<div class=\"elementor-element elementor-element-1b8600d elementor-widget elementor-widget-text-editor\" data-id=\"1b8600d\" data-element_type=\"widget\" data-widget_type=\"text-editor.default\">\n\t\t\t\t<div class=\"elementor-widget-container\">\n\t\t\t\t\t\t\t\t\t<p>La &#8220;Peregrinatio Mariae&#8221; Mondiale \u00e8 stata una intuizione profetica di un frate cappuccino delle Marche, Padre Giovanni Maria Leonardi.<br \/>Dopo aver pregato lo Spirito Santo e aver chiesto alla Madonna di poterla meglio servire, scrisse una lettera &#8211; datata l&#8217;8 dicembre 1995 &#8211; al Santo Padre Giovanni Paolo II, perch\u00e9, come preparazione mariana al grande Giubileo del 2000, si potesse svolgere una \u0093Peregrinatio\u0094 della Madonna attraverso le nazioni cristiane.<br \/>In attesa di un coinvolgimento ad alto livello, furono sensibilizzati vari gruppi ecclesiali, in particolare il Rinnovamento nello Spirito Santo.<\/p><p>Il 26 settembre 1997, a Gerusalemme, il Rev.mo Padre Custode di Terra Santa, P. Giuseppe Nazzaro, dava il suo pieno assenso all&#8217;iniziativa e incaricava lo stesso P. Giovanni Maria, perch\u00e9 procedesse nel porre in atto la \u0093Peregrinatio\u0094.<br \/>In conseguenza nasceva il gemellaggio con il Santuario Mondiale della S. Casa di Loreto (AN) insieme alla partecipazione dei Padri Cappuccini delle Marche.<\/p><p><b>Una nuova statua, che risult\u00f2 subito di eccezionale bellezza, fu realizzata, dietro precise indicazioni, dall&#8217;artista Gregor Mussner di Ortisei.<\/b><\/p>\t\t\t\t\t\t\t\t<\/div>\n\t\t\t\t<\/div>\n\t\t\t\t<div class=\"elementor-element elementor-element-f4d113c elementor-widget elementor-widget-text-editor\" data-id=\"f4d113c\" data-element_type=\"widget\" data-widget_type=\"text-editor.default\">\n\t\t\t\t<div class=\"elementor-widget-container\">\n\t\t\t\t\t\t\t\t\t<p>La \u0093Peregrinatio\u0094 inizi\u00f2 l&#8217;8 marzo 1998 dalla Basilica dell&#8217;Annunciazione a Nazareth, e raggiunse subito dopo Loreto, per la Solennit\u00e0 dell&#8217;Annunciazione (25 marzo). Poi, il 15 aprile, \u0093Maria di Nazareth\u0094 veniva incoronata da Sua Santit\u00e0 Giovanni Paolo II. in Piazza San Pietro.<br \/>Da quel momento, fino al Natale 1999, quando \u00e8 ritornata a Betlemme,\u0093Maria di Nazareth\u0094 \u00e8 passata con la sua \u0093Peregrinatio\u0094 attraverso 35 nazioni, incontrando folle innumerevoli di suoi figli in ogni parte della terra e accogliendoli nel suo Cuore Immacolato con la desiderata consacrazione.<\/p>\t\t\t\t\t\t\t\t<\/div>\n\t\t\t\t<\/div>\n\t\t\t\t\t<\/div>\n\t\t<\/div>\n\t\t\t\t<div class=\"elementor-column elementor-col-50 elementor-inner-column elementor-element elementor-element-c5a90b1\" data-id=\"c5a90b1\" data-element_type=\"column\">\n\t\t\t<div class=\"elementor-widget-wrap elementor-element-populated\">\n\t\t\t\t\t\t<div class=\"elementor-element elementor-element-4856283 elementor-widget elementor-widget-ova_image_muzze\" data-id=\"4856283\" data-element_type=\"widget\" data-widget_type=\"ova_image_muzze.default\">\n\t\t\t\t<div class=\"elementor-widget-container\">\n\t\t\t\t\t\t\t\n\t\t\t\t\t<div class=\"ova-image-muzze version_2\">\n\t\t\t\t<div class=\"image\">\n\t\t\t\t\t<a href=\"https:\/\/mussner.info\/wp-content\/uploads\/2019\/01\/maria-von-nazareth-gregor-mussner.jpg\"  >\n\t\t\t\t\t\t<img decoding=\"async\" src=\"https:\/\/mussner.info\/wp-content\/uploads\/2020\/10\/maria-von-nazareth-ars-sacra.jpg\" alt=\"\">\n\t\t\t\t\t\t<span class=\"desc\"><\/span>\n\t\t\t\t\t<\/a>\n\t\t\t\t<\/div>\n\t\t\t<\/div>\n\t\t\t\t\t\t\t<\/div>\n\t\t\t\t<\/div>\n\t\t\t\t<div class=\"elementor-element elementor-element-1073082 elementor-widget elementor-widget-ova_image_muzze\" data-id=\"1073082\" data-element_type=\"widget\" data-widget_type=\"ova_image_muzze.default\">\n\t\t\t\t<div class=\"elementor-widget-container\">\n\t\t\t\t\t\t\t\n\t\t\t\t\t<div class=\"ova-image-muzze version_2\">\n\t\t\t\t<div class=\"image\">\n\t\t\t\t\t<a href=\"https:\/\/mussner.info\/wp-content\/uploads\/2019\/01\/maria-von-nazareth-heiligenfigur-suedtirol.jpg\"  >\n\t\t\t\t\t\t<img decoding=\"async\" src=\"https:\/\/mussner.info\/wp-content\/uploads\/2020\/10\/maria-von-nazareth-ortisei.jpg\" alt=\"\">\n\t\t\t\t\t\t<span class=\"desc\"><\/span>\n\t\t\t\t\t<\/a>\n\t\t\t\t<\/div>\n\t\t\t<\/div>\n\t\t\t\t\t\t\t<\/div>\n\t\t\t\t<\/div>\n\t\t\t\t<div class=\"elementor-element elementor-element-e5b5e92 elementor-widget elementor-widget-ova_image_muzze\" data-id=\"e5b5e92\" data-element_type=\"widget\" data-widget_type=\"ova_image_muzze.default\">\n\t\t\t\t<div class=\"elementor-widget-container\">\n\t\t\t\t\t\t\t\n\t\t\t\t\t<div class=\"ova-image-muzze version_2\">\n\t\t\t\t<div class=\"image\">\n\t\t\t\t\t<a href=\"https:\/\/mussner.info\/wp-content\/uploads\/2019\/01\/maria-von-nazareth-vaticano-roma.jpg\"  >\n\t\t\t\t\t\t<img decoding=\"async\" src=\"https:\/\/mussner.info\/wp-content\/uploads\/2020\/10\/maria-von-nazareth-vatican-rom.jpg\" alt=\"\">\n\t\t\t\t\t\t<span class=\"desc\"><\/span>\n\t\t\t\t\t<\/a>\n\t\t\t\t<\/div>\n\t\t\t<\/div>\n\t\t\t\t\t\t\t<\/div>\n\t\t\t\t<\/div>\n\t\t\t\t<div class=\"elementor-element elementor-element-f46464a elementor-widget elementor-widget-ova_image_muzze\" data-id=\"f46464a\" data-element_type=\"widget\" data-widget_type=\"ova_image_muzze.default\">\n\t\t\t\t<div class=\"elementor-widget-container\">\n\t\t\t\t\t\t\t\n\t\t\t\t\t<div class=\"ova-image-muzze version_2\">\n\t\t\t\t<div class=\"image\">\n\t\t\t\t\t<a href=\"https:\/\/mussner.info\/wp-content\/uploads\/2019\/01\/maria-von-nazareth-papa-giovanni-roma.jpg\"  >\n\t\t\t\t\t\t<img decoding=\"async\" src=\"https:\/\/mussner.info\/wp-content\/uploads\/2020\/10\/maria-von-nazareth-papst-johannes.jpg\" alt=\"\">\n\t\t\t\t\t\t<span class=\"desc\"><\/span>\n\t\t\t\t\t<\/a>\n\t\t\t\t<\/div>\n\t\t\t<\/div>\n\t\t\t\t\t\t\t<\/div>\n\t\t\t\t<\/div>\n\t\t\t\t\t<\/div>\n\t\t<\/div>\n\t\t\t\t\t<\/div>\n\t\t<\/section>\n\t\t\t\t\t<\/div>\n\t\t<\/div>\n\t\t\t\t\t<\/div>\n\t\t<\/section>\n\t\t\t\t<section class=\"elementor-section elementor-top-section elementor-element elementor-element-848f9e2 elementor-section-boxed elementor-section-height-default elementor-section-height-default\" data-id=\"848f9e2\" data-element_type=\"section\">\n\t\t\t\t\t\t<div class=\"elementor-container elementor-column-gap-default\">\n\t\t\t\t\t<div class=\"elementor-column elementor-col-100 elementor-top-column elementor-element elementor-element-79f5958\" data-id=\"79f5958\" data-element_type=\"column\">\n\t\t\t<div class=\"elementor-widget-wrap elementor-element-populated\">\n\t\t\t\t\t\t<section class=\"elementor-section elementor-inner-section elementor-element elementor-element-e916410 elementor-section-boxed elementor-section-height-default elementor-section-height-default\" data-id=\"e916410\" data-element_type=\"section\">\n\t\t\t\t\t\t<div class=\"elementor-container elementor-column-gap-default\">\n\t\t\t\t\t<div class=\"elementor-column elementor-col-50 elementor-inner-column elementor-element elementor-element-aa76236\" data-id=\"aa76236\" data-element_type=\"column\">\n\t\t\t<div class=\"elementor-widget-wrap elementor-element-populated\">\n\t\t\t\t\t\t<div class=\"elementor-element elementor-element-a637169 elementor-widget elementor-widget-heading\" data-id=\"a637169\" data-element_type=\"widget\" data-widget_type=\"heading.default\">\n\t\t\t\t<div class=\"elementor-widget-container\">\n\t\t\t\t\t<h2 class=\"elementor-heading-title elementor-size-default\">Nazioni visitate<\/h2>\t\t\t\t<\/div>\n\t\t\t\t<\/div>\n\t\t\t\t<div class=\"elementor-element elementor-element-5e782d4 elementor-widget elementor-widget-text-editor\" data-id=\"5e782d4\" data-element_type=\"widget\" data-widget_type=\"text-editor.default\">\n\t\t\t\t<div class=\"elementor-widget-container\">\n\t\t\t\t\t\t\t\t\t<p>Egitto, Argentina, Uruguay, Brasile, Paraguay, Bosnia, Albania, Macedonia, Bulgaria, Malta, Turchia, Romania, Russia, Stati Uniti, Canada, Bielorussia, Polonia, Rep. Ceca, Slovenia, Croazia, Spagna, Portogallo &#8211; Fatima, Svizzera, Congo, Colombia, Austria, Australia, India, Taiwan, Siria, Libano, Giordania, Israele, Italia, Citt\u00e0 del Vaticano<\/p>\t\t\t\t\t\t\t\t<\/div>\n\t\t\t\t<\/div>\n\t\t\t\t\t<\/div>\n\t\t<\/div>\n\t\t\t\t<div class=\"elementor-column elementor-col-50 elementor-inner-column elementor-element elementor-element-3ec929b\" data-id=\"3ec929b\" data-element_type=\"column\">\n\t\t\t<div class=\"elementor-widget-wrap elementor-element-populated\">\n\t\t\t\t\t\t<div class=\"elementor-element elementor-element-0069b17 elementor-widget elementor-widget-image\" data-id=\"0069b17\" data-element_type=\"widget\" data-widget_type=\"image.default\">\n\t\t\t\t<div class=\"elementor-widget-container\">\n\t\t\t\t\t\t\t\t\t\t\t\t\t\t\t<img fetchpriority=\"high\" decoding=\"async\" width=\"660\" height=\"326\" src=\"https:\/\/mussner.info\/wp-content\/uploads\/2020\/10\/mdn_staaten.gif\" class=\"attachment-large size-large wp-image-7255\" alt=\"\" \/>\t\t\t\t\t\t\t\t\t\t\t\t\t\t\t<\/div>\n\t\t\t\t<\/div>\n\t\t\t\t\t<\/div>\n\t\t<\/div>\n\t\t\t\t\t<\/div>\n\t\t<\/section>\n\t\t\t\t\t<\/div>\n\t\t<\/div>\n\t\t\t\t\t<\/div>\n\t\t<\/section>\n\t\t\t\t<\/div>\n\t\t","protected":false},"excerpt":{"rendered":"<p>Statua MARIA DI NAZARETH Maria di Nazareth altezza della scultura: cm 165 peso ca. 65 kg materiale: legno di tiglio colorazione: colori ad olio stellario: cesellato in argento con stelle formate da circogne e brillanti; statua eseguita nell&#8217;anno 1998 per il \u0084PEREGRINATIO MARIAE MONDIALE in preparazione dell&#8217;Anno Santo 2000\u0093; \u0093 Maria di Nazareth, titolare della [&hellip;]<\/p>\n","protected":false},"author":1,"featured_media":0,"parent":0,"menu_order":0,"comment_status":"closed","ping_status":"closed","template":"elementor_header_footer","meta":{"footnotes":""},"class_list":["post-7183","page","type-page","status-publish","hentry"],"yoast_head":"<!-- This site is optimized with the Yoast SEO plugin v26.3 - https:\/\/yoast.com\/wordpress\/plugins\/seo\/ -->\n<title>Maria di Nazareth &#8212; Mussner G. Vincenzo<\/title>\n<meta name=\"robots\" content=\"index, follow, max-snippet:-1, max-image-preview:large, max-video-preview:-1\" \/>\n<link rel=\"canonical\" href=\"https:\/\/mussner.info\/it\/maria-di-nazareth\/\" \/>\n<meta property=\"og:locale\" content=\"it_IT\" \/>\n<meta property=\"og:type\" content=\"article\" \/>\n<meta property=\"og:title\" content=\"Maria di Nazareth &#8212; Mussner G. Vincenzo\" \/>\n<meta property=\"og:description\" content=\"Statua MARIA DI NAZARETH Maria di Nazareth altezza della scultura: cm 165 peso ca. 65 kg materiale: legno di tiglio colorazione: colori ad olio stellario: cesellato in argento con stelle formate da circogne e brillanti; statua eseguita nell&#8217;anno 1998 per il \u0084PEREGRINATIO MARIAE MONDIALE in preparazione dell&#8217;Anno Santo 2000\u0093; \u0093 Maria di Nazareth, titolare della [&hellip;]\" \/>\n<meta property=\"og:url\" content=\"https:\/\/mussner.info\/it\/maria-di-nazareth\/\" \/>\n<meta property=\"og:site_name\" content=\"Mussner G. Vincenzo\" \/>\n<meta property=\"article:publisher\" content=\"https:\/\/www.facebook.com\/pages\/Mussner-GVincenzo-Ars-Sacra\/904098456317076\" \/>\n<meta property=\"article:modified_time\" content=\"2020-10-08T15:23:41+00:00\" \/>\n<meta property=\"og:image\" content=\"https:\/\/mussner.info\/wp-content\/uploads\/elementor\/thumbs\/maria-von-nazareth-mussner-owmaird530zqce4ifmgvb0u85os5nlu0o02rftrcru.jpg\" \/>\n<meta name=\"twitter:card\" content=\"summary_large_image\" \/>\n<meta name=\"twitter:site\" content=\"@GMussner\" \/>\n<meta name=\"twitter:label1\" content=\"Tempo di lettura stimato\" \/>\n\t<meta name=\"twitter:data1\" content=\"2 minuti\" \/>\n<script type=\"application\/ld+json\" class=\"yoast-schema-graph\">{\"@context\":\"https:\/\/schema.org\",\"@graph\":[{\"@type\":\"WebPage\",\"@id\":\"https:\/\/mussner.info\/it\/maria-di-nazareth\/\",\"url\":\"https:\/\/mussner.info\/it\/maria-di-nazareth\/\",\"name\":\"Maria di Nazareth &#8212; Mussner G. Vincenzo\",\"isPartOf\":{\"@id\":\"https:\/\/mussner.info\/it\/#website\"},\"primaryImageOfPage\":{\"@id\":\"https:\/\/mussner.info\/it\/maria-di-nazareth\/#primaryimage\"},\"image\":{\"@id\":\"https:\/\/mussner.info\/it\/maria-di-nazareth\/#primaryimage\"},\"thumbnailUrl\":\"https:\/\/mussner.info\/wp-content\/uploads\/elementor\/thumbs\/maria-von-nazareth-mussner-owmaird530zqce4ifmgvb0u85os5nlu0o02rftrcru.jpg\",\"datePublished\":\"2020-10-08T15:12:54+00:00\",\"dateModified\":\"2020-10-08T15:23:41+00:00\",\"breadcrumb\":{\"@id\":\"https:\/\/mussner.info\/it\/maria-di-nazareth\/#breadcrumb\"},\"inLanguage\":\"it-IT\",\"potentialAction\":[{\"@type\":\"ReadAction\",\"target\":[\"https:\/\/mussner.info\/it\/maria-di-nazareth\/\"]}]},{\"@type\":\"ImageObject\",\"inLanguage\":\"it-IT\",\"@id\":\"https:\/\/mussner.info\/it\/maria-di-nazareth\/#primaryimage\",\"url\":\"https:\/\/mussner.info\/wp-content\/uploads\/elementor\/thumbs\/maria-von-nazareth-mussner-owmaird530zqce4ifmgvb0u85os5nlu0o02rftrcru.jpg\",\"contentUrl\":\"https:\/\/mussner.info\/wp-content\/uploads\/elementor\/thumbs\/maria-von-nazareth-mussner-owmaird530zqce4ifmgvb0u85os5nlu0o02rftrcru.jpg\"},{\"@type\":\"BreadcrumbList\",\"@id\":\"https:\/\/mussner.info\/it\/maria-di-nazareth\/#breadcrumb\",\"itemListElement\":[{\"@type\":\"ListItem\",\"position\":1,\"name\":\"Startseite\",\"item\":\"https:\/\/mussner.info\/it\/\"},{\"@type\":\"ListItem\",\"position\":2,\"name\":\"Maria di Nazareth\"}]},{\"@type\":\"WebSite\",\"@id\":\"https:\/\/mussner.info\/it\/#website\",\"url\":\"https:\/\/mussner.info\/it\/\",\"name\":\"Mussner G. Vincenzo Ars Sacra - Statuen f\u00fcr Kirchen\",\"description\":\"Bildhauer - Kirchliche Kunst\",\"publisher\":{\"@id\":\"https:\/\/mussner.info\/it\/#organization\"},\"potentialAction\":[{\"@type\":\"SearchAction\",\"target\":{\"@type\":\"EntryPoint\",\"urlTemplate\":\"https:\/\/mussner.info\/it\/?s={search_term_string}\"},\"query-input\":{\"@type\":\"PropertyValueSpecification\",\"valueRequired\":true,\"valueName\":\"search_term_string\"}}],\"inLanguage\":\"it-IT\"},{\"@type\":\"Organization\",\"@id\":\"https:\/\/mussner.info\/it\/#organization\",\"name\":\"Mussner Gregor\",\"url\":\"https:\/\/mussner.info\/it\/\",\"logo\":{\"@type\":\"ImageObject\",\"inLanguage\":\"it-IT\",\"@id\":\"https:\/\/mussner.info\/it\/#\/schema\/logo\/image\/\",\"url\":\"https:\/\/mussner.info\/wp-content\/uploads\/2019\/02\/logo-white.png\",\"contentUrl\":\"https:\/\/mussner.info\/wp-content\/uploads\/2019\/02\/logo-white.png\",\"width\":217,\"height\":83,\"caption\":\"Mussner Gregor\"},\"image\":{\"@id\":\"https:\/\/mussner.info\/it\/#\/schema\/logo\/image\/\"},\"sameAs\":[\"https:\/\/www.facebook.com\/pages\/Mussner-GVincenzo-Ars-Sacra\/904098456317076\",\"https:\/\/x.com\/GMussner\",\"https:\/\/www.instagram.com\/mussner.g.vincenzo\/\"]}]}<\/script>\n<!-- \/ Yoast SEO plugin. -->","yoast_head_json":{"title":"Maria di Nazareth &#8212; Mussner G. Vincenzo","robots":{"index":"index","follow":"follow","max-snippet":"max-snippet:-1","max-image-preview":"max-image-preview:large","max-video-preview":"max-video-preview:-1"},"canonical":"https:\/\/mussner.info\/it\/maria-di-nazareth\/","og_locale":"it_IT","og_type":"article","og_title":"Maria di Nazareth &#8212; Mussner G. Vincenzo","og_description":"Statua MARIA DI NAZARETH Maria di Nazareth altezza della scultura: cm 165 peso ca. 65 kg materiale: legno di tiglio colorazione: colori ad olio stellario: cesellato in argento con stelle formate da circogne e brillanti; statua eseguita nell&#8217;anno 1998 per il \u0084PEREGRINATIO MARIAE MONDIALE in preparazione dell&#8217;Anno Santo 2000\u0093; \u0093 Maria di Nazareth, titolare della [&hellip;]","og_url":"https:\/\/mussner.info\/it\/maria-di-nazareth\/","og_site_name":"Mussner G. Vincenzo","article_publisher":"https:\/\/www.facebook.com\/pages\/Mussner-GVincenzo-Ars-Sacra\/904098456317076","article_modified_time":"2020-10-08T15:23:41+00:00","og_image":[{"url":"https:\/\/mussner.info\/wp-content\/uploads\/elementor\/thumbs\/maria-von-nazareth-mussner-owmaird530zqce4ifmgvb0u85os5nlu0o02rftrcru.jpg","type":"","width":"","height":""}],"twitter_card":"summary_large_image","twitter_site":"@GMussner","twitter_misc":{"Tempo di lettura stimato":"2 minuti"},"schema":{"@context":"https:\/\/schema.org","@graph":[{"@type":"WebPage","@id":"https:\/\/mussner.info\/it\/maria-di-nazareth\/","url":"https:\/\/mussner.info\/it\/maria-di-nazareth\/","name":"Maria di Nazareth &#8212; Mussner G. Vincenzo","isPartOf":{"@id":"https:\/\/mussner.info\/it\/#website"},"primaryImageOfPage":{"@id":"https:\/\/mussner.info\/it\/maria-di-nazareth\/#primaryimage"},"image":{"@id":"https:\/\/mussner.info\/it\/maria-di-nazareth\/#primaryimage"},"thumbnailUrl":"https:\/\/mussner.info\/wp-content\/uploads\/elementor\/thumbs\/maria-von-nazareth-mussner-owmaird530zqce4ifmgvb0u85os5nlu0o02rftrcru.jpg","datePublished":"2020-10-08T15:12:54+00:00","dateModified":"2020-10-08T15:23:41+00:00","breadcrumb":{"@id":"https:\/\/mussner.info\/it\/maria-di-nazareth\/#breadcrumb"},"inLanguage":"it-IT","potentialAction":[{"@type":"ReadAction","target":["https:\/\/mussner.info\/it\/maria-di-nazareth\/"]}]},{"@type":"ImageObject","inLanguage":"it-IT","@id":"https:\/\/mussner.info\/it\/maria-di-nazareth\/#primaryimage","url":"https:\/\/mussner.info\/wp-content\/uploads\/elementor\/thumbs\/maria-von-nazareth-mussner-owmaird530zqce4ifmgvb0u85os5nlu0o02rftrcru.jpg","contentUrl":"https:\/\/mussner.info\/wp-content\/uploads\/elementor\/thumbs\/maria-von-nazareth-mussner-owmaird530zqce4ifmgvb0u85os5nlu0o02rftrcru.jpg"},{"@type":"BreadcrumbList","@id":"https:\/\/mussner.info\/it\/maria-di-nazareth\/#breadcrumb","itemListElement":[{"@type":"ListItem","position":1,"name":"Startseite","item":"https:\/\/mussner.info\/it\/"},{"@type":"ListItem","position":2,"name":"Maria di Nazareth"}]},{"@type":"WebSite","@id":"https:\/\/mussner.info\/it\/#website","url":"https:\/\/mussner.info\/it\/","name":"Mussner G. Vincenzo Ars Sacra - Statuen f\u00fcr Kirchen","description":"Bildhauer - Kirchliche Kunst","publisher":{"@id":"https:\/\/mussner.info\/it\/#organization"},"potentialAction":[{"@type":"SearchAction","target":{"@type":"EntryPoint","urlTemplate":"https:\/\/mussner.info\/it\/?s={search_term_string}"},"query-input":{"@type":"PropertyValueSpecification","valueRequired":true,"valueName":"search_term_string"}}],"inLanguage":"it-IT"},{"@type":"Organization","@id":"https:\/\/mussner.info\/it\/#organization","name":"Mussner Gregor","url":"https:\/\/mussner.info\/it\/","logo":{"@type":"ImageObject","inLanguage":"it-IT","@id":"https:\/\/mussner.info\/it\/#\/schema\/logo\/image\/","url":"https:\/\/mussner.info\/wp-content\/uploads\/2019\/02\/logo-white.png","contentUrl":"https:\/\/mussner.info\/wp-content\/uploads\/2019\/02\/logo-white.png","width":217,"height":83,"caption":"Mussner Gregor"},"image":{"@id":"https:\/\/mussner.info\/it\/#\/schema\/logo\/image\/"},"sameAs":["https:\/\/www.facebook.com\/pages\/Mussner-GVincenzo-Ars-Sacra\/904098456317076","https:\/\/x.com\/GMussner","https:\/\/www.instagram.com\/mussner.g.vincenzo\/"]}]}},"_links":{"self":[{"href":"https:\/\/mussner.info\/it\/wp-json\/wp\/v2\/pages\/7183","targetHints":{"allow":["GET"]}}],"collection":[{"href":"https:\/\/mussner.info\/it\/wp-json\/wp\/v2\/pages"}],"about":[{"href":"https:\/\/mussner.info\/it\/wp-json\/wp\/v2\/types\/page"}],"author":[{"embeddable":true,"href":"https:\/\/mussner.info\/it\/wp-json\/wp\/v2\/users\/1"}],"replies":[{"embeddable":true,"href":"https:\/\/mussner.info\/it\/wp-json\/wp\/v2\/comments?post=7183"}],"version-history":[{"count":6,"href":"https:\/\/mussner.info\/it\/wp-json\/wp\/v2\/pages\/7183\/revisions"}],"predecessor-version":[{"id":7263,"href":"https:\/\/mussner.info\/it\/wp-json\/wp\/v2\/pages\/7183\/revisions\/7263"}],"wp:attachment":[{"href":"https:\/\/mussner.info\/it\/wp-json\/wp\/v2\/media?parent=7183"}],"curies":[{"name":"wp","href":"https:\/\/api.w.org\/{rel}","templated":true}]}}